{"id":14637,"date":"2023-09-27T11:13:42","date_gmt":"2023-09-27T08:13:42","guid":{"rendered":"https:\/\/cimislia.md\/?page_id=14637"},"modified":"2026-03-24T14:57:25","modified_gmt":"2026-03-24T12:57:25","slug":"personalitati-marcante","status":"publish","type":"page","link":"https:\/\/cimislia.md\/ru\/orasul-si-oamenii\/orasul-cimislia\/personalitati-marcante\/","title":{"rendered":"\u0412\u042b\u0414\u0410\u042e\u0429\u0418\u0415\u0421\u042f \u041b\u0418\u0427\u041d\u041e\u0421\u0422\u0418"},"content":{"rendered":"<div data-elementor-type=\"wp-page\" data-elementor-id=\"14637\" class=\"elementor elementor-14637\">\n\t\t\t\t\t\t\t\t\t<section class=\"elementor-section elementor-top-section elementor-element elementor-element-9a5d533 elementor-section-boxed elementor-section-height-default elementor-section-height-default\" data-id=\"9a5d533\" data-element_type=\"section\">\n\t\t\t\t\t\t<div class=\"elementor-container elementor-column-gap-default\">\n\t\t\t\t\t<div class=\"elementor-column elementor-col-100 elementor-top-column elementor-element elementor-element-c54a107\" data-id=\"c54a107\" data-element_type=\"column\">\n\t\t\t<div class=\"elementor-widget-wrap elementor-element-populated\">\n\t\t\t\t\t\t\t\t<div class=\"elementor-element elementor-element-79dfb3c content-align-left icon-box-vertical-align-top icon-vertical-align-start elementor-widget elementor-widget-the7_image_box_widget\" data-id=\"79dfb3c\" data-element_type=\"widget\" data-widget_type=\"the7_image_box_widget.default\">\n\t\t\t\t<div class=\"elementor-widget-container\">\n\t\t\t\n\t\t<div class=\"the7-box-wrapper the7-elementor-widget the7_image_box_widget-79dfb3c\">\t\t\t<div class=\"box-content-wrapper\">\n\t\t\t\t\t\t\t\t<div class=\"elementor-image-div\">\n\t\t\t\t\t<a class=\"post-thumbnail-rollover layzr-bg img-css-resize-wrapper\" href=\"http:\/\/vileyka.minsk-region.by\/en\/\"><img fetchpriority=\"high\" decoding=\"async\" width=\"231\" height=\"297\" src=\"data:image\/svg+xml,%3Csvg%20xmlns%3D&#039;http%3A%2F%2Fwww.w3.org%2F2000%2Fsvg&#039;%20viewBox%3D&#039;0%200%201%201&#039;%2F%3E\" class=\"attachment-medium size-medium preload-me aspect lazy lazy-load\" alt=\"\" sizes=\"(max-width: 231px) 100vw, 231px\" data-src=\"https:\/\/cimislia.md\/wp-content\/uploads\/2026\/02\/Dumitru-Cristov.png\" loading=\"eager\" data-srcset=\"https:\/\/cimislia.md\/wp-content\/uploads\/2026\/02\/Dumitru-Cristov.png 231w, https:\/\/cimislia.md\/wp-content\/uploads\/2026\/02\/Dumitru-Cristov-9x12.png 9w\" \/><span class=\"the7-hover-icon\"><\/span><\/a>\t\t\t\t<\/div>\n\t\t\t\t\n\t\t\t\t<div class=\"box-content\">\n\t\t\t\t\t<h4 class=\"box-heading\"><a href=\"http:\/\/vileyka.minsk-region.by\/en\/\">Dumitru  Cristov<\/a><\/h4><div class=\"box-description\">N\u0103scut la 15 martie 1934 \u00een satul Avdarma r. Comrat, dup\u0103 o perioad\u0103 de slujitre \u00een regiunea transnistrean\u0103, p\u0103rintele Dumitru, protoiereul mitrofor, \u015fi-a dus misiunea de slujitor al Sf\u00e2ntului Altar \u00een ora\u015ful Cimi\u015flia. A avut o via\u0163\u0103 \u00een slujba Domnului, plin\u0103 de devotament \u015fi de dragoste cre\u015ftineasc\u0103. Prin Decizia Consiliului or\u0103\u0219enesc Cimi\u0219lia nr. 5\/2 din 11.09.2002, i-a fost conferit titlul de Cet\u0103\u021bean de Onoare al ora\u0219ului Cimi\u0219lia. \n<\/div>\t\t\t\t<\/div>\n\t\t\t<\/div>\n\t\t<\/div>\t\t<\/div>\n\t\t\t\t<\/div>\n\t\t\t\t<div class=\"elementor-element elementor-element-dd9c53a elementor-widget elementor-widget-spacer\" data-id=\"dd9c53a\" data-element_type=\"widget\" data-widget_type=\"spacer.default\">\n\t\t\t\t<div class=\"elementor-widget-container\">\n\t\t\t\t\t<div class=\"elementor-spacer\">\n\t\t\t<div class=\"elementor-spacer-inner\"><\/div>\n\t\t<\/div>\n\t\t\t\t<\/div>\n\t\t\t\t<\/div>\n\t\t\t\t<div class=\"elementor-element elementor-element-446b5d2 content-align-left icon-box-vertical-align-top icon-vertical-align-start elementor-widget elementor-widget-the7_image_box_widget\" data-id=\"446b5d2\" data-element_type=\"widget\" data-widget_type=\"the7_image_box_widget.default\">\n\t\t\t\t<div class=\"elementor-widget-container\">\n\t\t\t\n\t\t<div class=\"the7-box-wrapper the7-elementor-widget the7_image_box_widget-446b5d2\">\t\t\t<div class=\"box-content-wrapper\">\n\t\t\t\t\t\t\t\t<div class=\"elementor-image-div\">\n\t\t\t\t\t<a class=\"post-thumbnail-rollover layzr-bg img-css-resize-wrapper\" href=\"http:\/\/vileyka.minsk-region.by\/en\/\"><img decoding=\"async\" width=\"208\" height=\"300\" src=\"data:image\/svg+xml,%3Csvg%20xmlns%3D&#039;http%3A%2F%2Fwww.w3.org%2F2000%2Fsvg&#039;%20viewBox%3D&#039;0%200%20208%20300&#039;%2F%3E\" class=\"attachment-medium size-medium preload-me aspect lazy lazy-load\" alt=\"\" sizes=\"(max-width: 208px) 100vw, 208px\" style=\"--ratio: 208 \/ 300;\" data-src=\"https:\/\/cimislia.md\/wp-content\/uploads\/2023\/09\/800px-Iurie_Leanca-208x300.jpg\" loading=\"eager\" data-srcset=\"https:\/\/cimislia.md\/wp-content\/uploads\/2023\/09\/800px-Iurie_Leanca-208x300.jpg 208w, https:\/\/cimislia.md\/wp-content\/uploads\/2023\/09\/800px-Iurie_Leanca-710x1024.jpg 710w, https:\/\/cimislia.md\/wp-content\/uploads\/2023\/09\/800px-Iurie_Leanca-768x1107.jpg 768w, https:\/\/cimislia.md\/wp-content\/uploads\/2023\/09\/800px-Iurie_Leanca-8x12.jpg 8w, https:\/\/cimislia.md\/wp-content\/uploads\/2023\/09\/800px-Iurie_Leanca.jpg 800w\" \/><span class=\"the7-hover-icon\"><\/span><\/a>\t\t\t\t<\/div>\n\t\t\t\t\n\t\t\t\t<div class=\"box-content\">\n\t\t\t\t\t<h4 class=\"box-heading\"><a href=\"http:\/\/vileyka.minsk-region.by\/en\/\">Iurie  Leanc\u0103<\/a><\/h4><div class=\"box-description\">(n. 20 octombrie 1963, ora\u0219ul Cimi\u0219lia) este un diplomat \u0219i politician, absolvent al Institutului de stat de rela\u021bii interna\u021bionale din Moscova. \u0218i-a \u00eenceput cariera \u00een serviciul diplomatic sovietic, iar \u00een perioada mai-octombrie 1989 a fost la post la ambasada Uniunii Sovietice din Bucure\u0219ti, Rom\u00e2nia, \u00een calitate de secretar II. \u00cencep\u00e2nd cu 1991, a fost \u00eencadrat \u00een ministerul de externe al Republicii Moldova. A fost vice-ministru de externe \u00een perioada 1998 - 2001. \u00cen perioada 2007 \u2013 2009 a fost vicepre\u0219edintele companiei petroliere moldovene\u0219ti Ascom Group. Din 2009 a fost prim-viceprim-ministru \u0219i ministru al afacerilor externe \u0219i integr\u0103rii europene al Republicii Moldova. La 23 aprilie 2013 a fost numit prim-ministru interimar al Republicii Moldova prin decretul Pre\u0219edintelui Nicolae Timofti. Din 25 aprilie 2013 Iurie Leanc\u0103 ocup\u0103 postul de premier interimar. A fost propus de PLDM pentru un mandat \u00eentreg de \u0219ef al executivului, iar din 30 mai 2013 p\u00e2n\u0103 \u00een 10 decembrie 2014 (\u00een exerci\u021biu p\u00e2n\u0103 \u00een februarie 2015) a fost desemnat prim-ministru. Este c\u0103s\u0103torit \u0219i are doi fii. Vorbe\u0219te limbile: rom\u00e2n\u0103 (matern\u0103), rus\u0103, englez\u0103, francez\u0103, maghiar\u0103 \u0219i bulgar\u0103. Domnului Iurie Leanc\u0103, prin Decizia Consiliului Or\u0103\u0219enesc Cimi\u0219lia nr.13\/16 din 17 decembrie 2013  i-a fost conferit titlul de cet\u0103\u021bean de onoare al ora\u0219ului Cimi\u0219lia.    \n\n<\/div>\t\t\t\t<\/div>\n\t\t\t<\/div>\n\t\t<\/div>\t\t<\/div>\n\t\t\t\t<\/div>\n\t\t\t\t<div class=\"elementor-element elementor-element-a5ae1d5 elementor-widget elementor-widget-spacer\" data-id=\"a5ae1d5\" data-element_type=\"widget\" data-widget_type=\"spacer.default\">\n\t\t\t\t<div class=\"elementor-widget-container\">\n\t\t\t\t\t<div class=\"elementor-spacer\">\n\t\t\t<div class=\"elementor-spacer-inner\"><\/div>\n\t\t<\/div>\n\t\t\t\t<\/div>\n\t\t\t\t<\/div>\n\t\t\t\t<div class=\"elementor-element elementor-element-3bf2f59 content-align-left icon-box-vertical-align-top icon-vertical-align-start elementor-widget elementor-widget-the7_image_box_widget\" data-id=\"3bf2f59\" data-element_type=\"widget\" data-widget_type=\"the7_image_box_widget.default\">\n\t\t\t\t<div class=\"elementor-widget-container\">\n\t\t\t\n\t\t<div class=\"the7-box-wrapper the7-elementor-widget the7_image_box_widget-3bf2f59\">\t\t\t<div class=\"box-content-wrapper\">\n\t\t\t\t\t\t\t\t<div class=\"elementor-image-div\">\n\t\t\t\t\t<a class=\"post-thumbnail-rollover layzr-bg img-css-resize-wrapper\" href=\"http:\/\/vileyka.minsk-region.by\/en\/\"><img decoding=\"async\" width=\"300\" height=\"228\" src=\"data:image\/svg+xml,%3Csvg%20xmlns%3D&#039;http%3A%2F%2Fwww.w3.org%2F2000%2Fsvg&#039;%20viewBox%3D&#039;0%200%20300%20228&#039;%2F%3E\" class=\"attachment-medium size-medium preload-me aspect lazy lazy-load\" alt=\"\" sizes=\"(max-width: 300px) 100vw, 300px\" style=\"--ratio: 300 \/ 228;\" data-src=\"https:\/\/cimislia.md\/wp-content\/uploads\/2025\/02\/Lidia-Constantinescu-300x228.jpg\" loading=\"eager\" data-srcset=\"https:\/\/cimislia.md\/wp-content\/uploads\/2025\/02\/Lidia-Constantinescu-300x228.jpg 300w, https:\/\/cimislia.md\/wp-content\/uploads\/2025\/02\/Lidia-Constantinescu-16x12.jpg 16w, https:\/\/cimislia.md\/wp-content\/uploads\/2025\/02\/Lidia-Constantinescu.jpg 615w\" \/><span class=\"the7-hover-icon\"><\/span><\/a>\t\t\t\t<\/div>\n\t\t\t\t\n\t\t\t\t<div class=\"box-content\">\n\t\t\t\t\t<h4 class=\"box-heading\"><a href=\"http:\/\/vileyka.minsk-region.by\/en\/\">Lidia  Constantinescu<\/a><\/h4><div class=\"box-description\">Scriitoare rom\u00e2n\u0103 originar\u0103 din ora\u015ful Cimi\u015flia, Lidia Constantinescu este autoare a mai multor c\u0103r\u0163i dedicate copiilor, dar \u015fi maturilor (\u201eSpini \u00een c\u0103lc\u00e2i\u201d, \u201ePas\u0103rea \u00eenaripat\u0103 de zbor\u201d, \u201eMuguri \u015fi flori\u201d, \u201eTreci, inim\u0103, Prutul\u201d). Prin Decizia Consiliului or\u0103\u0219enesc Cimi\u0219lia nr. 2\/19 din 24.03.2011, i-a fost conferit titlul de Cet\u0103\u021bean de Onoare al ora\u0219ului Cimi\u0219lia.<\/div>\t\t\t\t<\/div>\n\t\t\t<\/div>\n\t\t<\/div>\t\t<\/div>\n\t\t\t\t<\/div>\n\t\t\t\t<div class=\"elementor-element elementor-element-6ddedd7 elementor-widget elementor-widget-spacer\" data-id=\"6ddedd7\" data-element_type=\"widget\" data-widget_type=\"spacer.default\">\n\t\t\t\t<div class=\"elementor-widget-container\">\n\t\t\t\t\t<div class=\"elementor-spacer\">\n\t\t\t<div class=\"elementor-spacer-inner\"><\/div>\n\t\t<\/div>\n\t\t\t\t<\/div>\n\t\t\t\t<\/div>\n\t\t\t\t<div class=\"elementor-element elementor-element-14f9c1f content-align-left icon-box-vertical-align-top icon-vertical-align-start elementor-widget elementor-widget-the7_image_box_widget\" data-id=\"14f9c1f\" data-element_type=\"widget\" data-widget_type=\"the7_image_box_widget.default\">\n\t\t\t\t<div class=\"elementor-widget-container\">\n\t\t\t\n\t\t<div class=\"the7-box-wrapper the7-elementor-widget the7_image_box_widget-14f9c1f\">\t\t\t<div class=\"box-content-wrapper\">\n\t\t\t\t\t\t\t\t<div class=\"elementor-image-div\">\n\t\t\t\t\t<a class=\"post-thumbnail-rollover layzr-bg img-css-resize-wrapper\" href=\"http:\/\/vileyka.minsk-region.by\/en\/\"><img decoding=\"async\" width=\"256\" height=\"300\" src=\"data:image\/svg+xml,%3Csvg%20xmlns%3D&#039;http%3A%2F%2Fwww.w3.org%2F2000%2Fsvg&#039;%20viewBox%3D&#039;0%200%20256%20300&#039;%2F%3E\" class=\"attachment-medium size-medium preload-me aspect lazy lazy-load\" alt=\"\" sizes=\"(max-width: 256px) 100vw, 256px\" style=\"--ratio: 256 \/ 300;\" data-src=\"https:\/\/cimislia.md\/wp-content\/uploads\/2023\/09\/1-7317081-mediafax-foto-marius-dumbraveanu-256x300.jpg\" loading=\"eager\" data-srcset=\"https:\/\/cimislia.md\/wp-content\/uploads\/2023\/09\/1-7317081-mediafax-foto-marius-dumbraveanu-256x300.jpg 256w, https:\/\/cimislia.md\/wp-content\/uploads\/2023\/09\/1-7317081-mediafax-foto-marius-dumbraveanu-10x12.jpg 10w, https:\/\/cimislia.md\/wp-content\/uploads\/2023\/09\/1-7317081-mediafax-foto-marius-dumbraveanu.jpg 454w\" \/><span class=\"the7-hover-icon\"><\/span><\/a>\t\t\t\t<\/div>\n\t\t\t\t\n\t\t\t\t<div class=\"box-content\">\n\t\t\t\t\t<h4 class=\"box-heading\"><a href=\"http:\/\/vileyka.minsk-region.by\/en\/\">Mircea  Cosma<\/a><\/h4><div class=\"box-description\">Pre\u0219edinte al Consiliului Jude\u021bean Prahova. Mircea Cosma s-a nascut in Baia Mare, jud. Maramures, la data de 01.12.1945. Studii : \u00bbAbsolvent al Universitatii Tehnice \u201cTraian Vuia\u201d Timisoara, Fac. de Electrotehnica, promotia 1968. \u00bbLiceul \u201cGheorghe Sincai\u201d1959-1963. Baia Mare. \u00bbU.T. Traian Vuia 1963-1968 Timisoara. \u00bbLocotenent A5 \u2013 retragere \u2013 UM.01184. Bacau 1970. In anul 1990 se infiinteaza Societatea cultural-istorica \u201cMihai Viteazul\u201d Ploiesti \u00bb ca presedinte fondator conduce pana in prezent activitatea acesteia; Membru fondator din 2001 al fundatiei \u201c Constantin Stere\u201d Ploiesti. Prin Decizia Consiliului or\u0103\u0219enesc Cimi\u0219lia nr. 8\/12 din 17.08.2001, Mircea Cosma a fost desemnat Cet\u0103\u021bean de Onoare al ora\u0219ului Cimi\u0219lia.<\/div>\t\t\t\t<\/div>\n\t\t\t<\/div>\n\t\t<\/div>\t\t<\/div>\n\t\t\t\t<\/div>\n\t\t\t\t<div class=\"elementor-element elementor-element-f1b9ad6 elementor-widget elementor-widget-spacer\" data-id=\"f1b9ad6\" data-element_type=\"widget\" data-widget_type=\"spacer.default\">\n\t\t\t\t<div class=\"elementor-widget-container\">\n\t\t\t\t\t<div class=\"elementor-spacer\">\n\t\t\t<div class=\"elementor-spacer-inner\"><\/div>\n\t\t<\/div>\n\t\t\t\t<\/div>\n\t\t\t\t<\/div>\n\t\t\t\t<div class=\"elementor-element elementor-element-f71b800 content-align-left icon-box-vertical-align-top icon-vertical-align-start elementor-widget elementor-widget-the7_image_box_widget\" data-id=\"f71b800\" data-element_type=\"widget\" data-widget_type=\"the7_image_box_widget.default\">\n\t\t\t\t<div class=\"elementor-widget-container\">\n\t\t\t\n\t\t<div class=\"the7-box-wrapper the7-elementor-widget the7_image_box_widget-f71b800\">\t\t\t<div class=\"box-content-wrapper\">\n\t\t\t\t\t\t\t\t<div class=\"elementor-image-div\">\n\t\t\t\t\t<a class=\"post-thumbnail-rollover layzr-bg img-css-resize-wrapper\" href=\"http:\/\/vileyka.minsk-region.by\/en\/\"><img decoding=\"async\" width=\"212\" height=\"300\" src=\"data:image\/svg+xml,%3Csvg%20xmlns%3D&#039;http%3A%2F%2Fwww.w3.org%2F2000%2Fsvg&#039;%20viewBox%3D&#039;0%200%20212%20300&#039;%2F%3E\" class=\"attachment-medium size-medium preload-me aspect lazy lazy-load\" alt=\"\" sizes=\"(max-width: 212px) 100vw, 212px\" style=\"--ratio: 212 \/ 300;\" data-src=\"https:\/\/cimislia.md\/wp-content\/uploads\/2023\/09\/5051_md_70997240_3089061-212x300.jpg\" loading=\"eager\" data-srcset=\"https:\/\/cimislia.md\/wp-content\/uploads\/2023\/09\/5051_md_70997240_3089061-212x300.jpg 212w, https:\/\/cimislia.md\/wp-content\/uploads\/2023\/09\/5051_md_70997240_3089061-8x12.jpg 8w, https:\/\/cimislia.md\/wp-content\/uploads\/2023\/09\/5051_md_70997240_3089061.jpg 542w\" \/><span class=\"the7-hover-icon\"><\/span><\/a>\t\t\t\t<\/div>\n\t\t\t\t\n\t\t\t\t<div class=\"box-content\">\n\t\t\t\t\t<h4 class=\"box-heading\"><a href=\"http:\/\/vileyka.minsk-region.by\/en\/\">Nicolae  Dabija<\/a><\/h4><div class=\"box-description\">Autor a peste 50 de volume de publicistic\u0103, eseuri, poezii (unele traduse \u0219i editate \u00een SUA, Italia, Federa\u021bia Rus\u0103, Ucraina etc.), a ciclului de manuale de istorie \u201eDaciada\u201d pentru clasele I-IV, a unui manual de literatur\u0103 rom\u00e2n\u0103 pentru clasa a IV \u0219i a sute de articole \u00een reviste din Republica Moldova, Rom\u00e2nia, Serbia, Statele Unite, Canada, Fran\u021ba, Ucraina, Italia etc. Nicolae Dabija este membru de onoare a Academiei Rom\u00e2ne, fondator \u0219i pre\u0219edinte al Forului Democrat al Rom\u00e2nilor din Moldova, \u00een perioada 1990-1994 \u0219i 1998-2001 a fost deputat \u00een Parlamentul R. Moldova, iar \u00een anii 1989-1991 - deputat \u00een Sovietul Suprem al URSS, unde a fost unul din ini\u021biatorii condamn\u0103rii Pactului Molotov-Ribbentrop \u0219i al lichid\u0103rii consecin\u021belor acesuia. Prin Decizia Consiliului or\u0103\u0219enesc Cimi\u0219lia nr. 6\/9 din 03.08.2010, i-a fost conferit titlul de Cet\u0103\u021bean de Onoare al ora\u0219ului Cimi\u0219lia.<\/div>\t\t\t\t<\/div>\n\t\t\t<\/div>\n\t\t<\/div>\t\t<\/div>\n\t\t\t\t<\/div>\n\t\t\t\t<div class=\"elementor-element elementor-element-8d0084d elementor-widget elementor-widget-spacer\" data-id=\"8d0084d\" data-element_type=\"widget\" data-widget_type=\"spacer.default\">\n\t\t\t\t<div class=\"elementor-widget-container\">\n\t\t\t\t\t<div class=\"elementor-spacer\">\n\t\t\t<div class=\"elementor-spacer-inner\"><\/div>\n\t\t<\/div>\n\t\t\t\t<\/div>\n\t\t\t\t<\/div>\n\t\t\t\t<div class=\"elementor-element elementor-element-61c5796 content-align-left icon-box-vertical-align-top icon-vertical-align-start elementor-widget elementor-widget-the7_image_box_widget\" data-id=\"61c5796\" data-element_type=\"widget\" data-widget_type=\"the7_image_box_widget.default\">\n\t\t\t\t<div class=\"elementor-widget-container\">\n\t\t\t\n\t\t<div class=\"the7-box-wrapper the7-elementor-widget the7_image_box_widget-61c5796\">\t\t\t<div class=\"box-content-wrapper\">\n\t\t\t\t\t\t\t\t<div class=\"elementor-image-div\">\n\t\t\t\t\t<a class=\"post-thumbnail-rollover layzr-bg img-css-resize-wrapper\" href=\"http:\/\/vileyka.minsk-region.by\/en\/\"><img decoding=\"async\" width=\"174\" height=\"300\" src=\"data:image\/svg+xml,%3Csvg%20xmlns%3D&#039;http%3A%2F%2Fwww.w3.org%2F2000%2Fsvg&#039;%20viewBox%3D&#039;0%200%20174%20300&#039;%2F%3E\" class=\"attachment-medium size-medium preload-me aspect lazy lazy-load\" alt=\"\" sizes=\"(max-width: 174px) 100vw, 174px\" style=\"--ratio: 174 \/ 300;\" data-src=\"https:\/\/cimislia.md\/wp-content\/uploads\/2023\/09\/Ninela-Caranfil-174x300.jpg\" loading=\"eager\" data-srcset=\"https:\/\/cimislia.md\/wp-content\/uploads\/2023\/09\/Ninela-Caranfil-174x300.jpg 174w, https:\/\/cimislia.md\/wp-content\/uploads\/2023\/09\/Ninela-Caranfil-7x12.jpg 7w, https:\/\/cimislia.md\/wp-content\/uploads\/2023\/09\/Ninela-Caranfil.jpg 400w\" \/><span class=\"the7-hover-icon\"><\/span><\/a>\t\t\t\t<\/div>\n\t\t\t\t\n\t\t\t\t<div class=\"box-content\">\n\t\t\t\t\t<h4 class=\"box-heading\"><a href=\"http:\/\/vileyka.minsk-region.by\/en\/\">Ninela  Caranfil<\/a><\/h4><div class=\"box-description\">A jucat peste 50 de roluri pe scena Teatrului Na\u021bional \u201eM. Eminescu\u201d, este de\u021bin\u0103toare a ordinului \u201eGloria Muncii\u201d, a c\u00e2\u0219tigat Marele Premiu al Festivalul \u201eL. Blaga\u201d, Premiul Festivalului Interna\u021bional \u201eMihai Eminescu \u00een lume\u201d, premiul pentru cel mai bun rol feminin \u00een 2006. Ninela Caranfil este autoarea volumului \u201eT\u0103cerea de p\u00e2n\u0103 la cuv\u00e2nt\u201d \u0219i a CD-uluide recital de versuri \u201eDorul infinitului din noi\u201d. Prin Decizia Consiliului or\u0103\u0219enesc Cimi\u0219lia nr. 6\/9 din 03.08.2010, i-a fost conferit titlul de Cet\u0103\u021bean de Onoare al ora\u0219ului Cimi\u0219lia.<\/div>\t\t\t\t<\/div>\n\t\t\t<\/div>\n\t\t<\/div>\t\t<\/div>\n\t\t\t\t<\/div>\n\t\t\t\t<div class=\"elementor-element elementor-element-86b7d49 elementor-widget elementor-widget-spacer\" data-id=\"86b7d49\" data-element_type=\"widget\" data-widget_type=\"spacer.default\">\n\t\t\t\t<div class=\"elementor-widget-container\">\n\t\t\t\t\t<div class=\"elementor-spacer\">\n\t\t\t<div class=\"elementor-spacer-inner\"><\/div>\n\t\t<\/div>\n\t\t\t\t<\/div>\n\t\t\t\t<\/div>\n\t\t\t\t<div class=\"elementor-element elementor-element-de4e853 content-align-left icon-box-vertical-align-top icon-vertical-align-start elementor-widget elementor-widget-the7_image_box_widget\" data-id=\"de4e853\" data-element_type=\"widget\" data-widget_type=\"the7_image_box_widget.default\">\n\t\t\t\t<div class=\"elementor-widget-container\">\n\t\t\t\n\t\t<div class=\"the7-box-wrapper the7-elementor-widget the7_image_box_widget-de4e853\">\t\t\t<div class=\"box-content-wrapper\">\n\t\t\t\t\t\t\t\t<div class=\"elementor-image-div\">\n\t\t\t\t\t<a class=\"post-thumbnail-rollover layzr-bg img-css-resize-wrapper\" href=\"http:\/\/vileyka.minsk-region.by\/en\/\"><img decoding=\"async\" width=\"300\" height=\"260\" src=\"data:image\/svg+xml,%3Csvg%20xmlns%3D&#039;http%3A%2F%2Fwww.w3.org%2F2000%2Fsvg&#039;%20viewBox%3D&#039;0%200%20300%20260&#039;%2F%3E\" class=\"attachment-medium size-medium preload-me aspect lazy lazy-load\" alt=\"\" sizes=\"(max-width: 300px) 100vw, 300px\" style=\"--ratio: 300 \/ 260;\" data-src=\"https:\/\/cimislia.md\/wp-content\/uploads\/2023\/09\/vlcsnap-2022-04-06-18h19m27s077-300x260.png\" loading=\"eager\" data-srcset=\"https:\/\/cimislia.md\/wp-content\/uploads\/2023\/09\/vlcsnap-2022-04-06-18h19m27s077-300x260.png 300w, https:\/\/cimislia.md\/wp-content\/uploads\/2023\/09\/vlcsnap-2022-04-06-18h19m27s077-14x12.png 14w, https:\/\/cimislia.md\/wp-content\/uploads\/2023\/09\/vlcsnap-2022-04-06-18h19m27s077.png 633w\" \/><span class=\"the7-hover-icon\"><\/span><\/a>\t\t\t\t<\/div>\n\t\t\t\t\n\t\t\t\t<div class=\"box-content\">\n\t\t\t\t\t<h4 class=\"box-heading\"><a href=\"http:\/\/vileyka.minsk-region.by\/en\/\">Pavel  Alexandreanu<\/a><\/h4><div class=\"box-description\">N\u0103cut \u00een 24.09.1929. Profesor de voca\u0163ie din ora\u015ful Cimi\u015flia, timp \u00eendelungat director al \u015ecolii Medii de cultur\u0103 general\u0103 nr.1, apoi Liceul Teoretic \u201cIon Creang\u0103\u201d, autor a mai multor c\u0103r\u0163i pentru copii, pre\u015fedinte al Organiza\u0163iei raionale a veteranilor. Prin Decizia Consiliului or\u0103\u0219enesc Cimi\u0219lia nr. 8\/8 din 05.10.2009, Pavel Alexandreanu a fost desemnat Cet\u0103\u021bean de Onoare al ora\u0219ului Cimi\u0219lia.\n\n<\/div>\t\t\t\t<\/div>\n\t\t\t<\/div>\n\t\t<\/div>\t\t<\/div>\n\t\t\t\t<\/div>\n\t\t\t\t<div class=\"elementor-element elementor-element-7212837 elementor-widget elementor-widget-spacer\" data-id=\"7212837\" data-element_type=\"widget\" data-widget_type=\"spacer.default\">\n\t\t\t\t<div class=\"elementor-widget-container\">\n\t\t\t\t\t<div class=\"elementor-spacer\">\n\t\t\t<div class=\"elementor-spacer-inner\"><\/div>\n\t\t<\/div>\n\t\t\t\t<\/div>\n\t\t\t\t<\/div>\n\t\t\t\t<div class=\"elementor-element elementor-element-cd10bcb content-align-left icon-box-vertical-align-top icon-vertical-align-start elementor-widget elementor-widget-the7_image_box_widget\" data-id=\"cd10bcb\" data-element_type=\"widget\" data-widget_type=\"the7_image_box_widget.default\">\n\t\t\t\t<div class=\"elementor-widget-container\">\n\t\t\t\n\t\t<div class=\"the7-box-wrapper the7-elementor-widget the7_image_box_widget-cd10bcb\">\t\t\t<div class=\"box-content-wrapper\">\n\t\t\t\t\t\t\t\t<div class=\"elementor-image-div\">\n\t\t\t\t\t<a class=\"post-thumbnail-rollover layzr-bg img-css-resize-wrapper\" href=\"http:\/\/vileyka.minsk-region.by\/en\/\"><img decoding=\"async\" width=\"200\" height=\"277\" src=\"data:image\/svg+xml,%3Csvg%20xmlns%3D&#039;http%3A%2F%2Fwww.w3.org%2F2000%2Fsvg&#039;%20viewBox%3D&#039;0%200%201%201&#039;%2F%3E\" class=\"attachment-medium size-medium preload-me aspect lazy lazy-load\" alt=\"\" sizes=\"(max-width: 200px) 100vw, 200px\" data-src=\"https:\/\/cimislia.md\/wp-content\/uploads\/2026\/02\/Pavel.jpg\" loading=\"eager\" data-srcset=\"https:\/\/cimislia.md\/wp-content\/uploads\/2026\/02\/Pavel.jpg 200w, https:\/\/cimislia.md\/wp-content\/uploads\/2026\/02\/Pavel-9x12.jpg 9w\" \/><span class=\"the7-hover-icon\"><\/span><\/a>\t\t\t\t<\/div>\n\t\t\t\t\n\t\t\t\t<div class=\"box-content\">\n\t\t\t\t\t<h4 class=\"box-heading\"><a href=\"http:\/\/vileyka.minsk-region.by\/en\/\">Pavel  Gheorghe<\/a><\/h4><div class=\"box-description\">Om politic rom\u00e2n. Senator de Caras-Severin (Rom\u00e2nia), Comisia pentru administra\u0163ie public\u0103, organizarea teritoriului \u015fi protec\u0163ia mediului; Comisia pentru cercetarea abuzurilor, combaterea corup\u0163iei \u015fi peti\u0163ii. Prin Decizia Consiliului or\u0103\u0219enesc Cimi\u0219lia nr. 5\/2 din 11.09.2002, i-a fost conferit titlul de Cet\u0103\u021bean de Onoare al ora\u0219ului Cimi\u0219lia. \n<\/div>\t\t\t\t<\/div>\n\t\t\t<\/div>\n\t\t<\/div>\t\t<\/div>\n\t\t\t\t<\/div>\n\t\t\t\t<div class=\"elementor-element elementor-element-0cc0cc6 elementor-widget elementor-widget-spacer\" data-id=\"0cc0cc6\" data-element_type=\"widget\" data-widget_type=\"spacer.default\">\n\t\t\t\t<div class=\"elementor-widget-container\">\n\t\t\t\t\t<div class=\"elementor-spacer\">\n\t\t\t<div class=\"elementor-spacer-inner\"><\/div>\n\t\t<\/div>\n\t\t\t\t<\/div>\n\t\t\t\t<\/div>\n\t\t\t\t<div class=\"elementor-element elementor-element-dc2b18a content-align-left icon-box-vertical-align-top icon-vertical-align-start elementor-widget elementor-widget-the7_image_box_widget\" data-id=\"dc2b18a\" data-element_type=\"widget\" data-widget_type=\"the7_image_box_widget.default\">\n\t\t\t\t<div class=\"elementor-widget-container\">\n\t\t\t\n\t\t<div class=\"the7-box-wrapper the7-elementor-widget the7_image_box_widget-dc2b18a\">\t\t\t<div class=\"box-content-wrapper\">\n\t\t\t\t\t\t\t\t<div class=\"elementor-image-div\">\n\t\t\t\t\t<a class=\"post-thumbnail-rollover layzr-bg img-css-resize-wrapper\" href=\"http:\/\/vileyka.minsk-region.by\/en\/\"><img decoding=\"async\" width=\"297\" height=\"300\" src=\"data:image\/svg+xml,%3Csvg%20xmlns%3D&#039;http%3A%2F%2Fwww.w3.org%2F2000%2Fsvg&#039;%20viewBox%3D&#039;0%200%20297%20300&#039;%2F%3E\" class=\"attachment-medium size-medium preload-me aspect lazy lazy-load\" alt=\"\" sizes=\"(max-width: 297px) 100vw, 297px\" style=\"--ratio: 297 \/ 300;\" data-src=\"https:\/\/cimislia.md\/wp-content\/uploads\/2023\/09\/ValeriuCorlateanu-297x300.png\" loading=\"eager\" data-srcset=\"https:\/\/cimislia.md\/wp-content\/uploads\/2023\/09\/ValeriuCorlateanu-297x300.png 297w, https:\/\/cimislia.md\/wp-content\/uploads\/2023\/09\/ValeriuCorlateanu-768x774.png 768w, https:\/\/cimislia.md\/wp-content\/uploads\/2023\/09\/ValeriuCorlateanu-12x12.png 12w, https:\/\/cimislia.md\/wp-content\/uploads\/2023\/09\/ValeriuCorlateanu.png 830w\" \/><span class=\"the7-hover-icon\"><\/span><\/a>\t\t\t\t<\/div>\n\t\t\t\t\n\t\t\t\t<div class=\"box-content\">\n\t\t\t\t\t<h4 class=\"box-heading\"><a href=\"http:\/\/vileyka.minsk-region.by\/en\/\">Valeriu  Corl\u0103teanu<\/a><\/h4><div class=\"box-description\">(n. 05 ianuarie 1960, ora\u0219ul Cimi\u0219lia) \u00ee\u0219i \u00eencepe cariera sportiv\u0103 sub \u00eendrumarea primului s\u0103u antrenor Vasile Balica. \u00ce\u0219i continu\u0103 studiile la \u0218coala-internat republican\u0103 cu profil sportiv, antrenor Vasile Luca. La \u00eenceput a practicat Sambo, lupte libere, greco-romane \u0219i judo, la toate a devenit campion republican. Primele sale mari succese: locul III la Campionatele Interna\u021bionale din Georgia \u0219i Coreea de Nord \u00een anul 1976. \u00cen anul 1977 a cucerit primele locuri la competi\u021biile interna\u021bionale \u0219i mondiale: URSS, Ungaria, Austria \u0219i Fran\u021ba. \u00cen anii 1979-1980 a devenit dublu campion al Europei. Un succes deosebit a fost ob\u021binerea medaliei de aur la Campionatul European de la Berlin, fiind supranumit \u201ejudocanul de aur\u201d. A fost \u0219i campion absolut a Uniunii Sovietice. Este maestru de clas\u0103 interna\u021bional\u0103.<\/div>\t\t\t\t<\/div>\n\t\t\t<\/div>\n\t\t<\/div>\t\t<\/div>\n\t\t\t\t<\/div>\n\t\t\t\t<div class=\"elementor-element elementor-element-328eac9 elementor-widget elementor-widget-spacer\" data-id=\"328eac9\" data-element_type=\"widget\" data-widget_type=\"spacer.default\">\n\t\t\t\t<div class=\"elementor-widget-container\">\n\t\t\t\t\t<div class=\"elementor-spacer\">\n\t\t\t<div class=\"elementor-spacer-inner\"><\/div>\n\t\t<\/div>\n\t\t\t\t<\/div>\n\t\t\t\t<\/div>\n\t\t\t\t<div class=\"elementor-element elementor-element-b8fbd5d content-align-left icon-box-vertical-align-top icon-vertical-align-start elementor-widget elementor-widget-the7_image_box_widget\" data-id=\"b8fbd5d\" data-element_type=\"widget\" data-widget_type=\"the7_image_box_widget.default\">\n\t\t\t\t<div class=\"elementor-widget-container\">\n\t\t\t\n\t\t<div class=\"the7-box-wrapper the7-elementor-widget the7_image_box_widget-b8fbd5d\">\t\t\t<div class=\"box-content-wrapper\">\n\t\t\t\t\t\t\t\t<div class=\"elementor-image-div\">\n\t\t\t\t\t<a class=\"post-thumbnail-rollover layzr-bg img-css-resize-wrapper\" href=\"http:\/\/vileyka.minsk-region.by\/en\/\"><img decoding=\"async\" width=\"300\" height=\"297\" src=\"data:image\/svg+xml,%3Csvg%20xmlns%3D&#039;http%3A%2F%2Fwww.w3.org%2F2000%2Fsvg&#039;%20viewBox%3D&#039;0%200%20300%20297&#039;%2F%3E\" class=\"attachment-medium size-medium preload-me aspect lazy lazy-load\" alt=\"\" sizes=\"(max-width: 300px) 100vw, 300px\" style=\"--ratio: 300 \/ 297;\" data-src=\"https:\/\/cimislia.md\/wp-content\/uploads\/2023\/09\/545-victor-hristov-1-300x297.jpg\" loading=\"eager\" data-srcset=\"https:\/\/cimislia.md\/wp-content\/uploads\/2023\/09\/545-victor-hristov-1-300x297.jpg 300w, https:\/\/cimislia.md\/wp-content\/uploads\/2023\/09\/545-victor-hristov-1-150x150.jpg 150w, https:\/\/cimislia.md\/wp-content\/uploads\/2023\/09\/545-victor-hristov-1-12x12.jpg 12w, https:\/\/cimislia.md\/wp-content\/uploads\/2023\/09\/545-victor-hristov-1.jpg 602w\" \/><span class=\"the7-hover-icon\"><\/span><\/a>\t\t\t\t<\/div>\n\t\t\t\t\n\t\t\t\t<div class=\"box-content\">\n\t\t\t\t\t<h4 class=\"box-heading\"><a href=\"http:\/\/vileyka.minsk-region.by\/en\/\">Victor  Hristov<\/a><\/h4><div class=\"box-description\">Membru al Uniunii Arti\u0219tilor Plastici din Moldova, a participat la expozi\u021bii interna\u021bionale din Budapesta, Odesa, Geneva, Novi Sad, Bucure\u0219ti, Bac\u0103u. Prefer\u0103 peisajul rustic, fiind bine cunoscut  \u0219i \u00eenalt apreciat mai ales pentru p\u00e2nzele \u201eDup\u0103 ploaie\u201d, \u201eSchi\u021b\u0103 \u00een negru\u201d, \u201eToamna\u201d, \u201eIarna\u201d, \u201eLa lac\u201d etc. Prin Decizia Consiliului or\u0103\u0219enesc Cimi\u0219lia nr. 6\/9 din 03.08.2010, i-a fost conferit titlul de Cet\u0103\u021bean de Onoare al ora\u0219ului Cimi\u0219lia.\u201d<\/div>\t\t\t\t<\/div>\n\t\t\t<\/div>\n\t\t<\/div>\t\t<\/div>\n\t\t\t\t<\/div>\n\t\t\t\t<div class=\"elementor-element elementor-element-ffb27ac elementor-widget elementor-widget-spacer\" data-id=\"ffb27ac\" data-element_type=\"widget\" data-widget_type=\"spacer.default\">\n\t\t\t\t<div class=\"elementor-widget-container\">\n\t\t\t\t\t<div class=\"elementor-spacer\">\n\t\t\t<div class=\"elementor-spacer-inner\"><\/div>\n\t\t<\/div>\n\t\t\t\t<\/div>\n\t\t\t\t<\/div>\n\t\t\t\t<div class=\"elementor-element elementor-element-6d825d3 content-align-left icon-box-vertical-align-top icon-vertical-align-start elementor-widget elementor-widget-the7_image_box_widget\" data-id=\"6d825d3\" data-element_type=\"widget\" data-widget_type=\"the7_image_box_widget.default\">\n\t\t\t\t<div class=\"elementor-widget-container\">\n\t\t\t\n\t\t<div class=\"the7-box-wrapper the7-elementor-widget the7_image_box_widget-6d825d3\">\t\t\t<div class=\"box-content-wrapper\">\n\t\t\t\t\t\t\t\t<div class=\"elementor-image-div\">\n\t\t\t\t\t<a class=\"post-thumbnail-rollover layzr-bg img-css-resize-wrapper\" href=\"http:\/\/vileyka.minsk-region.by\/en\/\"><img decoding=\"async\" width=\"225\" height=\"300\" src=\"data:image\/svg+xml,%3Csvg%20xmlns%3D&#039;http%3A%2F%2Fwww.w3.org%2F2000%2Fsvg&#039;%20viewBox%3D&#039;0%200%20225%20300&#039;%2F%3E\" class=\"attachment-medium size-medium preload-me aspect lazy lazy-load\" alt=\"\" sizes=\"(max-width: 225px) 100vw, 225px\" style=\"--ratio: 225 \/ 300;\" data-src=\"https:\/\/cimislia.md\/wp-content\/uploads\/2026\/02\/Viorel-Bulgaru-225x300.jpg\" loading=\"eager\" data-srcset=\"https:\/\/cimislia.md\/wp-content\/uploads\/2026\/02\/Viorel-Bulgaru-225x300.jpg 225w, https:\/\/cimislia.md\/wp-content\/uploads\/2026\/02\/Viorel-Bulgaru-768x1024.jpg 768w, https:\/\/cimislia.md\/wp-content\/uploads\/2026\/02\/Viorel-Bulgaru-1152x1536.jpg 1152w, https:\/\/cimislia.md\/wp-content\/uploads\/2026\/02\/Viorel-Bulgaru-9x12.jpg 9w, https:\/\/cimislia.md\/wp-content\/uploads\/2026\/02\/Viorel-Bulgaru.jpg 1536w\" \/><span class=\"the7-hover-icon\"><\/span><\/a>\t\t\t\t<\/div>\n\t\t\t\t\n\t\t\t\t<div class=\"box-content\">\n\t\t\t\t\t<h4 class=\"box-heading\"><a href=\"http:\/\/vileyka.minsk-region.by\/en\/\">Viorel  Bulgaru<\/a><\/h4><div class=\"box-description\"> Prin Decizia Consiliului or\u0103\u0219enesc Cimi\u0219lia nr. 5\/2 din 11.09.2002, i-a fost conferit titlul de Cet\u0103\u021bean de Onoare al ora\u0219ului Cimi\u0219lia.<\/div>\t\t\t\t<\/div>\n\t\t\t<\/div>\n\t\t<\/div>\t\t<\/div>\n\t\t\t\t<\/div>\n\t\t\t\t\t<\/div>\n\t\t<\/div>\n\t\t\t\t\t\t\t<\/div>\n\t\t<\/section>\n\t\t\t\t\t\t\t<\/div>","protected":false},"excerpt":{"rendered":"<p>Dumitru Cristov N\u0103scut la 15 martie 1934 \u00een satul Avdarma r. Comrat, dup\u0103 o perioad\u0103 de slujitre \u00een regiunea transnistrean\u0103, p\u0103rintele Dumitru, protoiereul mitrofor, \u015fi-a dus misiunea de slujitor al Sf\u00e2ntului Altar \u00een ora\u015ful Cimi\u015flia. A avut o via\u0163\u0103 \u00een slujba Domnului, plin\u0103 de devotament \u015fi de dragoste cre\u015ftineasc\u0103. Prin Decizia Consiliului or\u0103\u0219enesc Cimi\u0219lia nr.&hellip;<\/p>","protected":false},"author":1,"featured_media":0,"parent":14543,"menu_order":0,"comment_status":"closed","ping_status":"closed","template":"","meta":{"inline_featured_image":false,"footnotes":""},"_links":{"self":[{"href":"https:\/\/cimislia.md\/ru\/wp-json\/wp\/v2\/pages\/14637"}],"collection":[{"href":"https:\/\/cimislia.md\/ru\/wp-json\/wp\/v2\/pages"}],"about":[{"href":"https:\/\/cimislia.md\/ru\/wp-json\/wp\/v2\/types\/page"}],"author":[{"embeddable":true,"href":"https:\/\/cimislia.md\/ru\/wp-json\/wp\/v2\/users\/1"}],"replies":[{"embeddable":true,"href":"https:\/\/cimislia.md\/ru\/wp-json\/wp\/v2\/comments?post=14637"}],"version-history":[{"count":51,"href":"https:\/\/cimislia.md\/ru\/wp-json\/wp\/v2\/pages\/14637\/revisions"}],"predecessor-version":[{"id":23874,"href":"https:\/\/cimislia.md\/ru\/wp-json\/wp\/v2\/pages\/14637\/revisions\/23874"}],"up":[{"embeddable":true,"href":"https:\/\/cimislia.md\/ru\/wp-json\/wp\/v2\/pages\/14543"}],"wp:attachment":[{"href":"https:\/\/cimislia.md\/ru\/wp-json\/wp\/v2\/media?parent=14637"}],"curies":[{"name":"wp","href":"https:\/\/api.w.org\/{rel}","templated":true}]}}