{"id":15178,"date":"2023-10-05T16:36:53","date_gmt":"2023-10-05T13:36:53","guid":{"rendered":"https:\/\/cimislia.md\/?page_id=15178"},"modified":"2023-10-30T16:33:31","modified_gmt":"2023-10-30T14:33:31","slug":"ajutorul-social","status":"publish","type":"page","link":"https:\/\/cimislia.md\/ru\/orasul-si-oamenii\/beneficii-sociale-si-ajutoare\/ajutorul-social\/","title":{"rendered":"\u0421\u043e\u0446\u0438\u0430\u043b\u044c\u043d\u0430\u044f \u043f\u043e\u043c\u043e\u0449\u044c"},"content":{"rendered":"<div data-elementor-type=\"wp-page\" data-elementor-id=\"15178\" class=\"elementor elementor-15178\">\n\t\t\t\t\t\t\t\t\t<section class=\"elementor-section elementor-top-section elementor-element elementor-element-2b670de elementor-section-boxed elementor-section-height-default elementor-section-height-default\" data-id=\"2b670de\" data-element_type=\"section\">\n\t\t\t\t\t\t<div class=\"elementor-container elementor-column-gap-default\">\n\t\t\t\t\t<div class=\"elementor-column elementor-col-100 elementor-top-column elementor-element elementor-element-76dd01f\" data-id=\"76dd01f\" data-element_type=\"column\">\n\t\t\t<div class=\"elementor-widget-wrap elementor-element-populated\">\n\t\t\t\t\t\t\t\t<div class=\"elementor-element elementor-element-ba3ab5c elementor-widget elementor-widget-the7-accordion\" data-id=\"ba3ab5c\" data-element_type=\"widget\" data-widget_type=\"the7-accordion.default\">\n\t\t\t\t<div class=\"elementor-widget-container\">\n\t\t\t\t\t<div class=\"elementor-accordion the7-adv-accordion animate-on-loading\" data-accordion-type=\"accordion\" role=\"tablist\">\n\t\t\t\t\t\t\t<div class=\"elementor-accordion-item\">\n\t\t\t\t\t<h4 id=\"elementor-tab-title-1951\" class=\"elementor-tab-title the7-accordion-header active-default\" data-tab=\"1\" role=\"tab\" aria-controls=\"elementor-tab-content-1951\">\n\n\t\t\t\t\t\t\t\t\t\t\t\t\t<span class=\"elementor-accordion-icon elementor-accordion-icon-left\" aria-hidden=\"true\">\n\t\t\t\t\t\t\t\t\t\t\t\t\t\t\t<span class=\"elementor-accordion-icon-closed\"><i class=\"fas fa-caret-down\"><\/i><\/span>\n\t\t\t\t\t\t\t\t\t\t\t\t\t\t\t\t\t<span class=\"elementor-accordion-icon-opened\"><i class=\"fas fa-caret-up\"><\/i><\/span>\n\t\t\t\t\t\t\t\t\t\t\t\t\t\t\t\t\t\t\t\t\t\t<\/span>\n\t\t\t\t\t\t\t\t\t\t\t\t\t\t\t\t\t\t<a class=\"elementor-accordion-title\" href=\"\">1. Ce este ajutorul social?<\/a>\n\t\t\t\t\t<\/h4>\n\t\t\t\t\t<div id=\"elementor-tab-content-1951\" class=\"elementor-tab-content elementor-clearfix active-default\" data-tab=\"1\" role=\"tabpanel\" aria-labelledby=\"elementor-tab-title-1951\"><p>Ajutorul social este o plat\u0103 lunar\u0103 \u00een bani acordat\u0103 familiei defavorizate cu scopul asigur\u0103rii unui venit lunar minim garantat de stat. Cuantumul ajutorului social depinde de evaluarea venitului global al familiei \u015fi nevoia acesteia de asisten\u0163\u0103 social\u0103.\u00a0<\/p><\/div>\n\t\t\t\t<\/div>\n\t\t\t\t\t\t\t<div class=\"elementor-accordion-item\">\n\t\t\t\t\t<h4 id=\"elementor-tab-title-1952\" class=\"elementor-tab-title the7-accordion-header\" data-tab=\"2\" role=\"tab\" aria-controls=\"elementor-tab-content-1952\">\n\n\t\t\t\t\t\t\t\t\t\t\t\t\t<span class=\"elementor-accordion-icon elementor-accordion-icon-left\" aria-hidden=\"true\">\n\t\t\t\t\t\t\t\t\t\t\t\t\t\t\t<span class=\"elementor-accordion-icon-closed\"><i class=\"fas fa-caret-down\"><\/i><\/span>\n\t\t\t\t\t\t\t\t\t\t\t\t\t\t\t\t\t<span class=\"elementor-accordion-icon-opened\"><i class=\"fas fa-caret-up\"><\/i><\/span>\n\t\t\t\t\t\t\t\t\t\t\t\t\t\t\t\t\t\t\t\t\t\t<\/span>\n\t\t\t\t\t\t\t\t\t\t\t\t\t\t\t\t\t\t<a class=\"elementor-accordion-title\" href=\"\">2. Cine poate primi ajutor social?<\/a>\n\t\t\t\t\t<\/h4>\n\t\t\t\t\t<div id=\"elementor-tab-content-1952\" class=\"elementor-tab-content elementor-clearfix\" data-tab=\"2\" role=\"tabpanel\" aria-labelledby=\"elementor-tab-title-1952\"><p class=\"active\">Pot primi ajutor social familiile defavorizate in cazul in care toti membrii adul\u0163i ai acesteia se \u00eencadreaz\u0103 in cel pu\u0163in una dintre urmatoarele situa\u0163ii:<\/p><ul class=\"active\"><li>au atins v\u00eersta necesar\u0103 de pensionare \u00een conformitate cu legisla\u0163ia \u00een vigoare;<\/li><li>sunt persoane cu grad de invaliditate;<\/li><li>sunt \u015fomeri \u00eenregistra\u0163i la Agen\u0163ia teritoriala pentru ocuparea for\u0163ei de munc\u0103 \u00een a c\u0103rei raz\u0103 teritorial\u0103 \u00ee\u015fi au domiciliul \u015fi care nu refuz\u0103 un loc de munc\u0103 sau participarea la servicii de stimulare a ocup\u0103rii for\u0163ei de munc\u0103 oferite de agen\u0163ii;<\/li><li>\u00eengrijesc un copil mai mic de 3 ani;<\/li><li>\u00eengrijesc un membru\/membri ai familiei \u00eencadra\u0163i in gradul I de invaliditate care necesita \u00eengrijire conform concluziei Consiliului de Expertiza Medical\u0103 a Vitalit\u0103\u0163ii;<\/li><li>\u00eengrijesc un copil\/copii invalizi din aceea\u015fi familie sau o persoana in v\u00eerst\u0103 de peste 75 de ani din aceea\u015fi familie conform concluziei Consiliului Medical Consultativ.<\/li><\/ul><\/div>\n\t\t\t\t<\/div>\n\t\t\t\t\t\t\t<div class=\"elementor-accordion-item\">\n\t\t\t\t\t<h4 id=\"elementor-tab-title-1953\" class=\"elementor-tab-title the7-accordion-header\" data-tab=\"3\" role=\"tab\" aria-controls=\"elementor-tab-content-1953\">\n\n\t\t\t\t\t\t\t\t\t\t\t\t\t<span class=\"elementor-accordion-icon elementor-accordion-icon-left\" aria-hidden=\"true\">\n\t\t\t\t\t\t\t\t\t\t\t\t\t\t\t<span class=\"elementor-accordion-icon-closed\"><i class=\"fas fa-caret-down\"><\/i><\/span>\n\t\t\t\t\t\t\t\t\t\t\t\t\t\t\t\t\t<span class=\"elementor-accordion-icon-opened\"><i class=\"fas fa-caret-up\"><\/i><\/span>\n\t\t\t\t\t\t\t\t\t\t\t\t\t\t\t\t\t\t\t\t\t\t<\/span>\n\t\t\t\t\t\t\t\t\t\t\t\t\t\t\t\t\t\t<a class=\"elementor-accordion-title\" href=\"\">3. Unde pot fi depuse cererile pentru acordarea ajutorului social?<\/a>\n\t\t\t\t\t<\/h4>\n\t\t\t\t\t<div id=\"elementor-tab-content-1953\" class=\"elementor-tab-content elementor-clearfix\" data-tab=\"3\" role=\"tabpanel\" aria-labelledby=\"elementor-tab-title-1953\"><p class=\"active\">Ajutorul social se stabile\u015fte \u00een baza cererii depus\u0103 de persoana care poate fi:<\/p><ul class=\"active\"><li>unul dintre membrii familiei cu capacitate deplin\u0103 de exerci\u0163iu;<\/li><li>o persoan\u0103 \u00eemputernicit\u0103 de familie;<\/li><li>un alt reprezentant \u00een condi\u0163iile prev\u0103zute de lege.<\/li><\/ul><\/div>\n\t\t\t\t<\/div>\n\t\t\t\t\t\t\t<div class=\"elementor-accordion-item\">\n\t\t\t\t\t<h4 id=\"elementor-tab-title-1954\" class=\"elementor-tab-title the7-accordion-header\" data-tab=\"4\" role=\"tab\" aria-controls=\"elementor-tab-content-1954\">\n\n\t\t\t\t\t\t\t\t\t\t\t\t\t<span class=\"elementor-accordion-icon elementor-accordion-icon-left\" aria-hidden=\"true\">\n\t\t\t\t\t\t\t\t\t\t\t\t\t\t\t<span class=\"elementor-accordion-icon-closed\"><i class=\"fas fa-caret-down\"><\/i><\/span>\n\t\t\t\t\t\t\t\t\t\t\t\t\t\t\t\t\t<span class=\"elementor-accordion-icon-opened\"><i class=\"fas fa-caret-up\"><\/i><\/span>\n\t\t\t\t\t\t\t\t\t\t\t\t\t\t\t\t\t\t\t\t\t\t<\/span>\n\t\t\t\t\t\t\t\t\t\t\t\t\t\t\t\t\t\t<a class=\"elementor-accordion-title\" href=\"\">4. Ce documente sunt necesare la prezentarea cererii?<\/a>\n\t\t\t\t\t<\/h4>\n\t\t\t\t\t<div id=\"elementor-tab-content-1954\" class=\"elementor-tab-content elementor-clearfix\" data-tab=\"4\" role=\"tabpanel\" aria-labelledby=\"elementor-tab-title-1954\"><p class=\"active\">\u00cempreun\u0103 cu cererea, \u00een mod obligatoriu se prezint\u0103:<\/p><ul class=\"active\"><li>certificatul privind componen\u0163a familiei;<\/li><li>actul de identitate \u015fi copia acestuia;<\/li><li>legitima\u0163ia de \u015federe temporar\u0103 sau actul de identitate, eliberat de autorit\u0103\u0163ile competente, in cazul cet\u0103\u0163enilor str\u0103ini, apatrizilor sau refugia\u0163ilor.<\/li><\/ul><p class=\"active\"><br \/>\u00cen unele cazuri trebuie prezentate \u015fi urm\u0103toarele copii ale actelor:<\/p><ul class=\"active\"><li>certificatul de na\u015ftere al copilului;<\/li><li>decizia de instituire a tutelei\/curatelei;<\/li><li>decizia de plasament \u00een institu\u0163ie;<\/li><li>certificatul de salariu de la locul de munc\u0103;<\/li><li>certificatul privind tipul de studii pe care le urmeaz\u0103 orice membru al familiei (cu finan\u0163are bugetara sau prin contract),cu indicarea m\u0103rimii bursei, dup\u0103 caz;<\/li><li>confirmarea de efectuare a pl\u0103\u0163ii pensiei de \u00eentre\u0163inere;<\/li><li>certificatul privind perioada de satisfacere a serviciului militar \u00een termen;<\/li><li>actele de proprietate privind terenurile agricole de pe l\u00eeng\u0103 cas\u0103 (intravilanul localit\u0103\u0163ilor), precum\u00a0\u015fi din extravilanul localit\u0103\u0163ilor.\u00a0<\/li><li>contractul de arend\u0103, loca\u0163iune;<\/li><li>actul ce confirma gradul \u015fi termenul invalidit\u0103\u0163ii.<\/li><\/ul><p class=\"active\"><br \/>Persoanei care a depus cererea i se elibereaz\u0103 o recipis\u0103, \u00een care este indicat\u0103 data \u015fi num\u0103rul de \u00eenregistrare. \u00cen cazul \u00een care nu au fost prezentate toate actele confirmative necesare, cererea nu se accept\u0103.<\/p><\/div>\n\t\t\t\t<\/div>\n\t\t\t\t\t\t\t<div class=\"elementor-accordion-item\">\n\t\t\t\t\t<h4 id=\"elementor-tab-title-1955\" class=\"elementor-tab-title the7-accordion-header\" data-tab=\"5\" role=\"tab\" aria-controls=\"elementor-tab-content-1955\">\n\n\t\t\t\t\t\t\t\t\t\t\t\t\t<span class=\"elementor-accordion-icon elementor-accordion-icon-left\" aria-hidden=\"true\">\n\t\t\t\t\t\t\t\t\t\t\t\t\t\t\t<span class=\"elementor-accordion-icon-closed\"><i class=\"fas fa-caret-down\"><\/i><\/span>\n\t\t\t\t\t\t\t\t\t\t\t\t\t\t\t\t\t<span class=\"elementor-accordion-icon-opened\"><i class=\"fas fa-caret-up\"><\/i><\/span>\n\t\t\t\t\t\t\t\t\t\t\t\t\t\t\t\t\t\t\t\t\t\t<\/span>\n\t\t\t\t\t\t\t\t\t\t\t\t\t\t\t\t\t\t<a class=\"elementor-accordion-title\" href=\"\">5. Cum se examineaz\u0103 cererile de ajutor social?<\/a>\n\t\t\t\t\t<\/h4>\n\t\t\t\t\t<div id=\"elementor-tab-content-1955\" class=\"elementor-tab-content elementor-clearfix\" data-tab=\"5\" role=\"tabpanel\" aria-labelledby=\"elementor-tab-title-1955\"><p>Cererea pentru acordarea ajutorului social se \u00eenregistreaz\u0103 \u015fi este prelucrata prin intermediul unui program automatizat la direc\u0163ia raional\u0103 de asisten\u021b\u0103 social\u0103 \u015fi protec\u0163ie a familiei. Decizia despre acordarea sau neacordarea ajutorului social este adoptata de c\u0103tre \u015feful direc\u0163iei\u00a0raionale de asisten\u0163\u0103 social\u0103 \u015fi protec\u0163ie a familiei \u00een termen de 15 zile lucratoare din data depunerii cererii, prin emiterea unui ordin. Persoana care a depus cererea se \u00een\u015ftiin\u0163eaz\u0103 \u00een scris, in termen de 5 zile lucr\u0103toare. \u00cen cazul acord\u0103rii dreptului la ajutor social \u00een\u015ftiin\u0163area va con\u0163ine termenul pentru care a fost stabilit acest ajutor, cuantumul acestuia, modalitatea de plat\u0103 \u015fi termenele de revizuire a dreptului la ajutor social, precum \u015fi obliga\u0163iile beneficiarului. \u00cen cazul respingerii cererii \u00een\u015ftiin\u0163area va con\u0163ine motivele care au stat la baza deciziei respective, precum \u015fi modalitatea de contestare a acesteia.\u00a0<\/p><\/div>\n\t\t\t\t<\/div>\n\t\t\t\t\t\t\t<div class=\"elementor-accordion-item\">\n\t\t\t\t\t<h4 id=\"elementor-tab-title-1956\" class=\"elementor-tab-title the7-accordion-header\" data-tab=\"6\" role=\"tab\" aria-controls=\"elementor-tab-content-1956\">\n\n\t\t\t\t\t\t\t\t\t\t\t\t\t<span class=\"elementor-accordion-icon elementor-accordion-icon-left\" aria-hidden=\"true\">\n\t\t\t\t\t\t\t\t\t\t\t\t\t\t\t<span class=\"elementor-accordion-icon-closed\"><i class=\"fas fa-caret-down\"><\/i><\/span>\n\t\t\t\t\t\t\t\t\t\t\t\t\t\t\t\t\t<span class=\"elementor-accordion-icon-opened\"><i class=\"fas fa-caret-up\"><\/i><\/span>\n\t\t\t\t\t\t\t\t\t\t\t\t\t\t\t\t\t\t\t\t\t\t<\/span>\n\t\t\t\t\t\t\t\t\t\t\t\t\t\t\t\t\t\t<a class=\"elementor-accordion-title\" href=\"\">6. Cum se calculeaz\u0103 cuantumul ajutorului social?<\/a>\n\t\t\t\t\t<\/h4>\n\t\t\t\t\t<div id=\"elementor-tab-content-1956\" class=\"elementor-tab-content elementor-clearfix\" data-tab=\"6\" role=\"tabpanel\" aria-labelledby=\"elementor-tab-title-1956\"><p class=\"active\">Cuantumul ajutorului social se calculeaz\u0103 individual pentru fiecare familie.\u00a0<br \/>Venitul lunar minim garantat al familiei reprezint\u0103 suma tuturor veniturilor lunare minime garantate stabilite pentru fiecare membru al acestei familii.\u00a0<br \/>Suma venitului lunar minim garantat se stabile\u015fte anual prin Legea bugetului de stat. Pentru anul 2009, venitul lunar minim constituie 430 de lei.\u00a0<br \/>Cuantumul venitului lunar minim garantat pentru fiecare membru al familiei se stabile\u015fte dup\u0103 cum urmeaz\u0103:\u00a0<\/p><ul class=\"active\"><li>100% din venitul lunar minim garantat pentru solicitant;<\/li><li>70% din venitul lunar minim garantat pentru fiecare alt membru adult al familiei;<\/li><li>50 % din venitul lunar minim garantat pentru fiecare copil;<\/li><li>plus 30% din venitul lunar minim garantat pentru fiecare adult \u00eencadrat \u00een grad de invaliditate;<\/li><li>plus 50% din venitul lunar minim garantat pentru fiecare copil invalid;<\/li><li>plus 10% din venitul lunar minim garantat, dac\u0103 persoana \u00eencadrat\u0103 \u00een grad de invaliditate este unicul adult din familie.<\/li><\/ul><p class=\"active\"><br \/>Not\u0103: veniturile ob\u0163inute din folosirea terenurilor agricole \u015fi a loturilor de pam\u00eent, inclusiv cele din proprietate se calculeaz\u0103 \u00een conformitate cu prevederile Hot\u0103r\u00eerii Guvernului nr. 514 din 19 mai 2007.<\/p><\/div>\n\t\t\t\t<\/div>\n\t\t\t\t\t\t\t<div class=\"elementor-accordion-item\">\n\t\t\t\t\t<h4 id=\"elementor-tab-title-1957\" class=\"elementor-tab-title the7-accordion-header\" data-tab=\"7\" role=\"tab\" aria-controls=\"elementor-tab-content-1957\">\n\n\t\t\t\t\t\t\t\t\t\t\t\t\t<span class=\"elementor-accordion-icon elementor-accordion-icon-left\" aria-hidden=\"true\">\n\t\t\t\t\t\t\t\t\t\t\t\t\t\t\t<span class=\"elementor-accordion-icon-closed\"><i class=\"fas fa-caret-down\"><\/i><\/span>\n\t\t\t\t\t\t\t\t\t\t\t\t\t\t\t\t\t<span class=\"elementor-accordion-icon-opened\"><i class=\"fas fa-caret-up\"><\/i><\/span>\n\t\t\t\t\t\t\t\t\t\t\t\t\t\t\t\t\t\t\t\t\t\t<\/span>\n\t\t\t\t\t\t\t\t\t\t\t\t\t\t\t\t\t\t<a class=\"elementor-accordion-title\" href=\"\"> 7. C\u00eet timp se pl\u0103te\u015fte ajutorul social?<\/a>\n\t\t\t\t\t<\/h4>\n\t\t\t\t\t<div id=\"elementor-tab-content-1957\" class=\"elementor-tab-content elementor-clearfix\" data-tab=\"7\" role=\"tabpanel\" aria-labelledby=\"elementor-tab-title-1957\"><p>Ajutorul social se stabile\u015fte pe o perioad\u0103 de maximum 24 luni calendaristice \u00eencep\u00eend cu luna \u00een care cererea de acordare a ajutorului social a fost \u00eenregistrat\u0103 la direc\u0163ia asisten\u0163\u0103 social\u0103 \u015fi protec\u0163ie a familiei.\u00a0<\/p><\/div>\n\t\t\t\t<\/div>\n\t\t\t\t\t\t\t<div class=\"elementor-accordion-item\">\n\t\t\t\t\t<h4 id=\"elementor-tab-title-1958\" class=\"elementor-tab-title the7-accordion-header\" data-tab=\"8\" role=\"tab\" aria-controls=\"elementor-tab-content-1958\">\n\n\t\t\t\t\t\t\t\t\t\t\t\t\t<span class=\"elementor-accordion-icon elementor-accordion-icon-left\" aria-hidden=\"true\">\n\t\t\t\t\t\t\t\t\t\t\t\t\t\t\t<span class=\"elementor-accordion-icon-closed\"><i class=\"fas fa-caret-down\"><\/i><\/span>\n\t\t\t\t\t\t\t\t\t\t\t\t\t\t\t\t\t<span class=\"elementor-accordion-icon-opened\"><i class=\"fas fa-caret-up\"><\/i><\/span>\n\t\t\t\t\t\t\t\t\t\t\t\t\t\t\t\t\t\t\t\t\t\t<\/span>\n\t\t\t\t\t\t\t\t\t\t\t\t\t\t\t\t\t\t<a class=\"elementor-accordion-title\" href=\"\">8. Unde sunt primi\u0163i banii pentru ajutorul social?<\/a>\n\t\t\t\t\t<\/h4>\n\t\t\t\t\t<div id=\"elementor-tab-content-1958\" class=\"elementor-tab-content elementor-clearfix\" data-tab=\"8\" role=\"tabpanel\" aria-labelledby=\"elementor-tab-title-1958\"><p>Ajutorul social se achit\u0103 \u00een numerar pentru luna in curs la S.A. &#8222;Banca de Economii&#8221;.<\/p><\/div>\n\t\t\t\t<\/div>\n\t\t\t\t\t\t\t<div class=\"elementor-accordion-item\">\n\t\t\t\t\t<h4 id=\"elementor-tab-title-1959\" class=\"elementor-tab-title the7-accordion-header\" data-tab=\"9\" role=\"tab\" aria-controls=\"elementor-tab-content-1959\">\n\n\t\t\t\t\t\t\t\t\t\t\t\t\t<span class=\"elementor-accordion-icon elementor-accordion-icon-left\" aria-hidden=\"true\">\n\t\t\t\t\t\t\t\t\t\t\t\t\t\t\t<span class=\"elementor-accordion-icon-closed\"><i class=\"fas fa-caret-down\"><\/i><\/span>\n\t\t\t\t\t\t\t\t\t\t\t\t\t\t\t\t\t<span class=\"elementor-accordion-icon-opened\"><i class=\"fas fa-caret-up\"><\/i><\/span>\n\t\t\t\t\t\t\t\t\t\t\t\t\t\t\t\t\t\t\t\t\t\t<\/span>\n\t\t\t\t\t\t\t\t\t\t\t\t\t\t\t\t\t\t<a class=\"elementor-accordion-title\" href=\"\">9. Care este diferen\u0163a dintre ajutorul social \u015fi ajutorul material acordat prin intermediul Fondului republican \u015fi cele locale de sus\u0163inere sociala a popula\u0163iei?<\/a>\n\t\t\t\t\t<\/h4>\n\t\t\t\t\t<div id=\"elementor-tab-content-1959\" class=\"elementor-tab-content elementor-clearfix\" data-tab=\"9\" role=\"tabpanel\" aria-labelledby=\"elementor-tab-title-1959\"><p>Ajutorul material este o plat\u0103 \u00een bani acordat\u0103 unei persoane, o dat\u0103 la 11 luni, din mijloacele Fondului republican sau local de sus\u0163inere social\u0103 a popula\u0163iei \u00een baza anchetei sociale efectuate la domiciliul solicitantului.\u00a0<br \/>Ajutorul social este o plat\u0103 lunar\u0103 \u00een bani, acordat\u0103 familiei defavorizate din bugetul asigur\u0103rilor sociale de stat, pentru o perioad\u0103 de cel pu\u0163in 6 luni.\u00a0<\/p><\/div>\n\t\t\t\t<\/div>\n\t\t\t\t\t<\/div>\n\t\t\t\t<\/div>\n\t\t\t\t<\/div>\n\t\t\t\t\t<\/div>\n\t\t<\/div>\n\t\t\t\t\t\t\t<\/div>\n\t\t<\/section>\n\t\t\t\t\t\t\t<\/div>","protected":false},"excerpt":{"rendered":"<p>1. Ce este ajutorul social? Ajutorul social este o plat\u0103 lunar\u0103 \u00een bani acordat\u0103 familiei defavorizate cu scopul asigur\u0103rii unui venit lunar minim garantat de stat. Cuantumul ajutorului social depinde de evaluarea venitului global al familiei \u015fi nevoia acesteia de asisten\u0163\u0103 social\u0103.\u00a0 2. Cine poate primi ajutor social? Pot primi ajutor social familiile defavorizate in&hellip;<\/p>","protected":false},"author":1,"featured_media":0,"parent":14549,"menu_order":0,"comment_status":"closed","ping_status":"closed","template":"","meta":{"inline_featured_image":false,"footnotes":""},"_links":{"self":[{"href":"https:\/\/cimislia.md\/ru\/wp-json\/wp\/v2\/pages\/15178"}],"collection":[{"href":"https:\/\/cimislia.md\/ru\/wp-json\/wp\/v2\/pages"}],"about":[{"href":"https:\/\/cimislia.md\/ru\/wp-json\/wp\/v2\/types\/page"}],"author":[{"embeddable":true,"href":"https:\/\/cimislia.md\/ru\/wp-json\/wp\/v2\/users\/1"}],"replies":[{"embeddable":true,"href":"https:\/\/cimislia.md\/ru\/wp-json\/wp\/v2\/comments?post=15178"}],"version-history":[{"count":0,"href":"https:\/\/cimislia.md\/ru\/wp-json\/wp\/v2\/pages\/15178\/revisions"}],"up":[{"embeddable":true,"href":"https:\/\/cimislia.md\/ru\/wp-json\/wp\/v2\/pages\/14549"}],"wp:attachment":[{"href":"https:\/\/cimislia.md\/ru\/wp-json\/wp\/v2\/media?parent=15178"}],"curies":[{"name":"wp","href":"https:\/\/api.w.org\/{rel}","templated":true}]}}